{"id":33,"date":"2017-01-17T18:12:51","date_gmt":"2017-01-17T17:12:51","guid":{"rendered":"http:\/\/sprf.asso.fr\/sprfwp\/?page_id=33"},"modified":"2025-10-15T17:24:15","modified_gmt":"2025-10-15T16:24:15","slug":"histoire","status":"publish","type":"page","link":"https:\/\/sprf.asso.fr\/sprfwp\/psychanalyse-et-formation\/histoire\/","title":{"rendered":"Histoire"},"content":{"rendered":"<h1 class=\"p3\" style=\"text-align: justify;\"><span style=\"font-size: 18pt; color: #000000;\">La SPRF, une jeune soci\u00e9t\u00e9, une histoire ancienne :<\/span><\/h1>\n<p class=\"p2\" style=\"text-align: justify;\">La cr\u00e9ation de la SPRF s&rsquo;inscrit dans la longue histoire de la psychanalyse en France. Troisi\u00e8me soci\u00e9t\u00e9 fran\u00e7aise affili\u00e9e \u00e0 l&rsquo;<strong>A<\/strong>ssociation <strong>P<\/strong>sychanalytique <strong>I<\/strong>nternationale <span class=\"s2\">(<strong>API<\/strong>)<\/span>, la <strong>SPRF<\/strong> est devenue soci\u00e9t\u00e9 composante depuis le Congr\u00e8s de Boston en 2015. Elle est \u00e9galement soci\u00e9t\u00e9 composante de la <strong>F<\/strong>\u00e9d\u00e9ration <strong>E<\/strong>urop\u00e9enne de <strong>P<\/strong>sychanalyse <span class=\"s2\">(<strong>FEP<\/strong>)<\/span>. Elle a \u00e9t\u00e9 cr\u00e9\u00e9e en 2005 par 17 membres du Quatri\u00e8me Groupe qui l&rsquo;avaient quitt\u00e9 en raison de d\u00e9saccords portant sur la formation, membres de tous \u00e2ges dont certains avaient \u00e9t\u00e9 pr\u00e9sents lors de la fondation de ce groupe. Un certain nombre de candidats qui \u00e9taient en supervision avec ces membres ou participaient \u00e0 leurs groupes de travail ont fait le choix de les suivre pour fonder une nouvelle soci\u00e9t\u00e9.<span style=\"color: #993300;\"><strong><br \/>\n<\/strong><\/span><\/p>\n<p><span style=\"color: #00ccff;\"><span style=\"color: #3366ff;\">\u00a0\u21d2\u00a0 <a href=\"https:\/\/sprf.asso.fr\/sprfwp\/wp-content\/uploads\/2025\/10\/20251011-CHV-Quelques-dates_Histoire-SPRF.pdf\" target=\"_blank\" rel=\"noopener\">Voir les dates du parcours de la SPRF dans l&rsquo;API (IPA)<\/a><\/span>\u00a0<\/span><\/p>\n<p class=\"p2\" style=\"text-align: justify;\">Notre histoire s\u2019inscrit dans la longue suite de scissions qui ont marqu\u00e9 le mouvement psychanalytique en France. Toutes les scissions dans les soci\u00e9t\u00e9s fran\u00e7aises se sont produites \u00e0 propos des probl\u00e8mes de formation. Ainsi la premi\u00e8re soci\u00e9t\u00e9 psychanalytique en France, la <strong>S<\/strong>oci\u00e9t\u00e9 <strong>P<\/strong>sychanalytique de <strong>P<\/strong>aris <span class=\"s2\">(<strong>SPP<\/strong>)<\/span>, fut cr\u00e9\u00e9e en novembre 1926 par neuf membres, sous l&rsquo;impulsion de \u00a0Marie BONAPARTE, analys\u00e9e par Freud. C&rsquo;est la <strong>SPP<\/strong> qui a form\u00e9 la premi\u00e8re g\u00e9n\u00e9ration d&rsquo;analystes fran\u00e7ais, ainsi que ses premiers auteurs marquants. Une premi\u00e8re scission se produisit en 1953 \u00e0 cause de divergences sur la question de la formation et aboutit \u00e0 la cr\u00e9ation, par LAGACHE et LACAN, de la <strong>S<\/strong>oci\u00e9t\u00e9 <strong>F<\/strong>ran\u00e7aise de <strong>P<\/strong>sychanalyse (<strong>SFP<\/strong>) qui \u00a0va poursuivre son existence jusqu&rsquo;en 1963 et formera une nouvelle g\u00e9n\u00e9ration de jeunes analystes qui vont marquer, par leurs \u0153uvres, le mouvement des id\u00e9es psychanalytiques en France.<span class=\"apple-converted-space\">\u00a0<\/span><\/p>\n<p class=\"p4\" style=\"text-align: justify;\">Lorsque la <strong>SFP<\/strong> souhaitera rejoindre l\u2019<strong>API<\/strong>, devant le refus de l&rsquo;<strong>API<\/strong> de consid\u00e9rer LACAN comme formateur en raison de sa technique tr\u00e8s personnelle de la cure, une nouvelle scission se produisit et naquirent \u00a0en 1964\u00a0: l&rsquo;<strong>A<\/strong>ssociation <strong>P<\/strong>sychanalytique de <strong>F<\/strong>rance (<span class=\"s2\"><strong>APF<\/strong>)<\/span>, dont les membres rejoignent l&rsquo;<strong>API<\/strong>, puis l&rsquo;<strong>\u00c9<\/strong>cole <strong>F<\/strong>reudienne de <strong>P<\/strong>aris \u00a0fond\u00e9e par Lacan, non reconnue par l&rsquo;<strong>API<\/strong>. En 1969 des membres de l\u2019\u00c9cole <strong>F<\/strong>reudienne, autour de Piera AULAGNIER, Fran\u00e7ois PERRIER et Jean-Paul VALABREGA quitt\u00e8rent LACAN en signifiant leur refus de la proc\u00e9dure de la passe dans la formation des candidats. Ils vont cr\u00e9er le <strong>Q<\/strong>uatri\u00e8me <strong>G<\/strong>roupe <span class=\"s2\">(<strong>IV\u00b0Groupe<\/strong>)<\/span>, qui restera hors de l&rsquo;<strong>API<\/strong>.<\/p>\n<p class=\"p3\" style=\"text-align: justify;\">Les membres fondateurs du <strong>Q<\/strong>uatri\u00e8me <strong>G<\/strong>roupe publi\u00e8rent alors des textes sur la formation qui font date, et dont les th\u00e9matiques tournent essentiellement autour de la question de l\u2019ali\u00e9nation\u00a0: ali\u00e9nation toujours possible dans et par le transfert relay\u00e9e par le groupe dans<span class=\"apple-converted-space\">\u00a0 <\/span>l\u2019institution et des relations perverties entre l\u2019analyse personnelle et les exigences institutionnelles.<\/p>\n<p class=\"p3\" style=\"text-align: justify;\">C&rsquo;est en rupture, mais \u00e9galement dans le prolongement de cette longue histoire que la <strong>SPRF<\/strong> a \u00e9t\u00e9 fond\u00e9e et a rejoint l&rsquo;<strong>API<\/strong>.<span class=\"apple-converted-space\">\u00a0<\/span><\/p>\n<p class=\"p5\" style=\"text-align: justify;\">Cr\u00e9\u00e9e par des membres ayant pour la plupart une longue exp\u00e9rience de la formation, en particulier par leurs activit\u00e9s de superviseurs, et une perception aigu\u00eb des difficult\u00e9s constantes qu\u2019elle suscite et de l\u2019examen critique permanent qu\u2019elle exige afin de tenter d\u2019\u00e9viter de retomber dans la r\u00e9p\u00e9tition des violences transmises de g\u00e9n\u00e9ration en g\u00e9n\u00e9ration d\u2019analystes, notre soci\u00e9t\u00e9 a essay\u00e9 de proposer \u00e0 ses candidats un parcours de <span class=\"s2\">formation<\/span> qui \u00e9vite \u00e0 la fois un cursus trop rigide et un flou sans rep\u00e8res. Notre mod\u00e8le de formation est celui \u00a0du \u00abmod\u00e8le fran\u00e7ais\u00bb, caract\u00e9ris\u00e9 surtout par la critique de la notion d\u2019analyse didactique et d\u2019analyste didacticien ayant abouti \u00e0 leur suppression plut\u00f4t que par le nombre de s\u00e9ances hebdomadaires.<span class=\"apple-converted-space\">\u00a0<\/span><\/p>\n<p class=\"p2\" style=\"text-align: justify;\">Essayer de d\u00e9jouer la r\u00e9p\u00e9tition est une t\u00e2che ardue, quelles que soient les bonnes intentions et un des buts de la <strong>SPRF<\/strong> est de soumettre en permanence nos processus de formation \u00e0 une r\u00e9flexion critique, ce qui entre dans le cadre de ce que nous d\u00e9finissons comme recherche, comme notre intitul\u00e9 l\u2019indique. La recherche en psychanalyse inclut tout naturellement la formation elle-m\u00eame, puisqu\u2019il est impossible de dissocier l\u2019esprit et les proc\u00e9dures de la formation du progr\u00e8s de l\u2019analyse, en tant que pratique et que th\u00e9orie.<\/p>\n<p class=\"p2\" style=\"text-align: justify;\"><span style=\"font-size: 12pt; color: #000000;\">Membres Fondateurs :<\/span><\/p>\n<p class=\"p2\" style=\"padding-left: 40px; text-align: left;\">Fran\u00e7oise<strong> DESCOMBEY<\/strong> ; Catherine <strong>DESVIGNES<\/strong> : Paulette <strong>DUBUISSON \u2020<\/strong> ; Yvonne <strong>GUTIERREZ\u00a0\u2020<\/strong> ;<br \/>\nSylvie <strong>KARILA<\/strong> ; Annick <strong>LUCAS-BAZANTAY \u2020\u00a0<\/strong> ; Patrick <strong>MILLER<\/strong> ; Andr\u00e9 <strong>MISSENARD\u00a0\u2020<\/strong> ;<br \/>\nJean-Paul <strong>MOREIGNE \u2020\u00a0<\/strong>;\u00a0 Antoine <strong>NASTASI \u2020<\/strong> ; Jo\u00eblle <strong>PICARD<\/strong> ; Cathie<strong> SILVESTRE<\/strong> ;<br \/>\nJean-Claude<strong> STOLOFF<\/strong> ; Marie-Christine<strong> SOURZAT<\/strong> ; Laetitia <strong>VIOLET-CHARTIER\u00a0\u2020<\/strong> ; Christine <strong>VOYENNE<\/strong> ; Daniel<strong> ZAOUI<\/strong><\/p>\n<p><a href=\"https:\/\/sprf.asso.fr\/sprfwp\/wp-content\/uploads\/2025\/04\/HISTORIQUE-des-Bureaux-SPRF-depuis-2005.pdf\" target=\"_blank\" rel=\"noopener\">\u21d2\u00a0 Voir l&rsquo;historique des Bureaux de la SPRF\u00a0 depuis 2005<\/a><\/p>\n<p><a href=\"https:\/\/fr.wikipedia.org\/wiki\/%C3%89coles_de_psychanalyse#Les_principales_%C3%A9coles_et_associations_fran%C3%A7aises\" target=\"_blank\" rel=\"noopener\">\u21d2\u00a0 Voir l&rsquo;histoire des Soci\u00e9t\u00e9s de Psychanalyse en France sur Wikipedia.<\/a><\/p>\n","protected":false},"excerpt":{"rendered":"<p>La SPRF, une jeune soci\u00e9t\u00e9, une histoire ancienne : La cr\u00e9ation de la SPRF s&rsquo;inscrit dans la longue histoire de la psychanalyse en France. Troisi\u00e8me soci\u00e9t\u00e9 fran\u00e7aise affili\u00e9e \u00e0 l&rsquo;Association Psychanalytique Internationale (API), la SPRF est devenue soci\u00e9t\u00e9 composante depuis le Congr\u00e8s de Boston en 2015. Elle est \u00e9galement soci\u00e9t\u00e9 composante de la F\u00e9d\u00e9ration Europ\u00e9enne [&hellip;]<\/p>\n","protected":false},"author":1,"featured_media":0,"parent":6351,"menu_order":0,"comment_status":"closed","ping_status":"closed","template":"","meta":{"_acf_changed":false,"site-sidebar-layout":"default","site-content-layout":"default","ast-site-content-layout":"default","site-content-style":"default","site-sidebar-style":"default","ast-global-header-display":"","ast-banner-title-visibility":"","ast-main-header-display":"","ast-hfb-above-header-display":"","ast-hfb-below-header-display":"","ast-hfb-mobile-header-display":"","site-post-title":"","ast-breadcrumbs-content":"","ast-featured-img":"","footer-sml-layout":"","ast-disable-related-posts":"","theme-transparent-header-meta":"default","adv-header-id-meta":"","stick-header-meta":"","header-above-stick-meta":"","header-main-stick-meta":"","header-below-stick-meta":"","astra-migrate-meta-layouts":"set","ast-page-background-enabled":"default","ast-page-background-meta":{"desktop":{"background-color":"var(--ast-global-color-4)","background-image":"","background-repeat":"repeat","background-position":"center center","background-size":"auto","background-attachment":"scroll","background-type":"","background-media":"","overlay-type":"","overlay-color":"","overlay-opacity":"","overlay-gradient":""},"tablet":{"background-color":"","background-image":"","background-repeat":"repeat","background-position":"center center","background-size":"auto","background-attachment":"scroll","background-type":"","background-media":"","overlay-type":"","overlay-color":"","overlay-opacity":"","overlay-gradient":""},"mobile":{"background-color":"","background-image":"","background-repeat":"repeat","background-position":"center center","background-size":"auto","background-attachment":"scroll","background-type":"","background-media":"","overlay-type":"","overlay-color":"","overlay-opacity":"","overlay-gradient":""}},"ast-content-background-meta":{"desktop":{"background-color":"var(--ast-global-color-5)","background-image":"","background-repeat":"repeat","background-position":"center center","background-size":"auto","background-attachment":"scroll","background-type":"","background-media":"","overlay-type":"","overlay-color":"","overlay-opacity":"","overlay-gradient":""},"tablet":{"background-color":"var(--ast-global-color-5)","background-image":"","background-repeat":"repeat","background-position":"center center","background-size":"auto","background-attachment":"scroll","background-type":"","background-media":"","overlay-type":"","overlay-color":"","overlay-opacity":"","overlay-gradient":""},"mobile":{"background-color":"var(--ast-global-color-5)","background-image":"","background-repeat":"repeat","background-position":"center center","background-size":"auto","background-attachment":"scroll","background-type":"","background-media":"","overlay-type":"","overlay-color":"","overlay-opacity":"","overlay-gradient":""}},"footnotes":""},"class_list":["post-33","page","type-page","status-publish","hentry"],"acf":[],"yoast_head":"<!-- This site is optimized with the Yoast SEO plugin v27.4 - https:\/\/yoast.com\/product\/yoast-seo-wordpress\/ -->\n<title>Histoire de la SPRF, sa cr\u00e9ation en 2005, de son affiliation \u00e0 l&#039;API en 2015.<\/title>\n<meta name=\"description\" content=\"La cr\u00e9ation en 2005 de la SPRF s&#039;inscrit dans la longue histoire de la psychanalyse en France. Troisi\u00e8me soci\u00e9t\u00e9 fran\u00e7aise affili\u00e9e \u00e0 l&#039;Association Psychanalytique Internationale (API), la SPRF est devenue soci\u00e9t\u00e9 composante depuis le Congr\u00e8s de Boston en 2015.\" \/>\n<meta name=\"robots\" content=\"index, follow, max-snippet:-1, max-image-preview:large, max-video-preview:-1\" \/>\n<link rel=\"canonical\" href=\"https:\/\/sprf.asso.fr\/sprfwp\/psychanalyse-et-formation\/histoire\/\" \/>\n<meta property=\"og:locale\" content=\"fr_FR\" \/>\n<meta property=\"og:type\" content=\"article\" \/>\n<meta property=\"og:title\" content=\"Histoire de la SPRF, sa cr\u00e9ation en 2005, de son affiliation \u00e0 l&#039;API en 2015.\" \/>\n<meta property=\"og:description\" content=\"La cr\u00e9ation en 2005 de la SPRF s&#039;inscrit dans la longue histoire de la psychanalyse en France. Troisi\u00e8me soci\u00e9t\u00e9 fran\u00e7aise affili\u00e9e \u00e0 l&#039;Association Psychanalytique Internationale (API), la SPRF est devenue soci\u00e9t\u00e9 composante depuis le Congr\u00e8s de Boston en 2015.\" \/>\n<meta property=\"og:url\" content=\"https:\/\/sprf.asso.fr\/sprfwp\/psychanalyse-et-formation\/histoire\/\" \/>\n<meta property=\"og:site_name\" content=\"Soci\u00e9t\u00e9 Psychanalytique de Recherche et de Formation\" \/>\n<meta property=\"article:modified_time\" content=\"2025-10-15T16:24:15+00:00\" \/>\n<meta name=\"twitter:card\" content=\"summary_large_image\" \/>\n<meta name=\"twitter:label1\" content=\"Dur\u00e9e de lecture estim\u00e9e\" \/>\n\t<meta name=\"twitter:data1\" content=\"4 minutes\" \/>\n<script type=\"application\/ld+json\" class=\"yoast-schema-graph\">{\"@context\":\"https:\\\/\\\/schema.org\",\"@graph\":[{\"@type\":\"WebPage\",\"@id\":\"https:\\\/\\\/sprf.asso.fr\\\/sprfwp\\\/psychanalyse-et-formation\\\/histoire\\\/\",\"url\":\"https:\\\/\\\/sprf.asso.fr\\\/sprfwp\\\/psychanalyse-et-formation\\\/histoire\\\/\",\"name\":\"Histoire de la SPRF, sa cr\u00e9ation en 2005, de son affiliation \u00e0 l'API en 2015.\",\"isPartOf\":{\"@id\":\"https:\\\/\\\/sprf.asso.fr\\\/sprfwp\\\/#website\"},\"datePublished\":\"2017-01-17T17:12:51+00:00\",\"dateModified\":\"2025-10-15T16:24:15+00:00\",\"description\":\"La cr\u00e9ation en 2005 de la SPRF s'inscrit dans la longue histoire de la psychanalyse en France. Troisi\u00e8me soci\u00e9t\u00e9 fran\u00e7aise affili\u00e9e \u00e0 l'Association Psychanalytique Internationale (API), la SPRF est devenue soci\u00e9t\u00e9 composante depuis le Congr\u00e8s de Boston en 2015.\",\"breadcrumb\":{\"@id\":\"https:\\\/\\\/sprf.asso.fr\\\/sprfwp\\\/psychanalyse-et-formation\\\/histoire\\\/#breadcrumb\"},\"inLanguage\":\"fr-FR\",\"potentialAction\":[{\"@type\":\"ReadAction\",\"target\":[\"https:\\\/\\\/sprf.asso.fr\\\/sprfwp\\\/psychanalyse-et-formation\\\/histoire\\\/\"]}]},{\"@type\":\"BreadcrumbList\",\"@id\":\"https:\\\/\\\/sprf.asso.fr\\\/sprfwp\\\/psychanalyse-et-formation\\\/histoire\\\/#breadcrumb\",\"itemListElement\":[{\"@type\":\"ListItem\",\"position\":1,\"name\":\"Accueil\",\"item\":\"https:\\\/\\\/sprf.asso.fr\\\/sprfwp\\\/\"},{\"@type\":\"ListItem\",\"position\":2,\"name\":\"Soci\u00e9t\u00e9 Psychanalytique de Recherche et de Formation\",\"item\":\"https:\\\/\\\/sprf.asso.fr\\\/sprfwp\\\/\"},{\"@type\":\"ListItem\",\"position\":3,\"name\":\"Histoire\"}]},{\"@type\":\"WebSite\",\"@id\":\"https:\\\/\\\/sprf.asso.fr\\\/sprfwp\\\/#website\",\"url\":\"https:\\\/\\\/sprf.asso.fr\\\/sprfwp\\\/\",\"name\":\"Soci\u00e9t\u00e9 Psychanalytique de Recherche et de Formation\",\"description\":\"Membre de l&#039;API - Fond\u00e9e en 2005\",\"publisher\":{\"@id\":\"https:\\\/\\\/sprf.asso.fr\\\/sprfwp\\\/#organization\"},\"potentialAction\":[{\"@type\":\"SearchAction\",\"target\":{\"@type\":\"EntryPoint\",\"urlTemplate\":\"https:\\\/\\\/sprf.asso.fr\\\/sprfwp\\\/?s={search_term_string}\"},\"query-input\":{\"@type\":\"PropertyValueSpecification\",\"valueRequired\":true,\"valueName\":\"search_term_string\"}}],\"inLanguage\":\"fr-FR\"},{\"@type\":\"Organization\",\"@id\":\"https:\\\/\\\/sprf.asso.fr\\\/sprfwp\\\/#organization\",\"name\":\"Soci\u00e9t\u00e9 Psychanalytique de Recherche et de Formation\",\"url\":\"https:\\\/\\\/sprf.asso.fr\\\/sprfwp\\\/\",\"logo\":{\"@type\":\"ImageObject\",\"inLanguage\":\"fr-FR\",\"@id\":\"https:\\\/\\\/sprf.asso.fr\\\/sprfwp\\\/#\\\/schema\\\/logo\\\/image\\\/\",\"url\":\"https:\\\/\\\/sprf.asso.fr\\\/sprfwp\\\/wp-content\\\/uploads\\\/2021\\\/09\\\/LogoIndex_K_260_neg-3_shade.png\",\"contentUrl\":\"https:\\\/\\\/sprf.asso.fr\\\/sprfwp\\\/wp-content\\\/uploads\\\/2021\\\/09\\\/LogoIndex_K_260_neg-3_shade.png\",\"width\":352,\"height\":201,\"caption\":\"Soci\u00e9t\u00e9 Psychanalytique de Recherche et de Formation\"},\"image\":{\"@id\":\"https:\\\/\\\/sprf.asso.fr\\\/sprfwp\\\/#\\\/schema\\\/logo\\\/image\\\/\"}}]}<\/script>\n<!-- \/ Yoast SEO plugin. -->","yoast_head_json":{"title":"Histoire de la SPRF, sa cr\u00e9ation en 2005, de son affiliation \u00e0 l'API en 2015.","description":"La cr\u00e9ation en 2005 de la SPRF s'inscrit dans la longue histoire de la psychanalyse en France. Troisi\u00e8me soci\u00e9t\u00e9 fran\u00e7aise affili\u00e9e \u00e0 l'Association Psychanalytique Internationale (API), la SPRF est devenue soci\u00e9t\u00e9 composante depuis le Congr\u00e8s de Boston en 2015.","robots":{"index":"index","follow":"follow","max-snippet":"max-snippet:-1","max-image-preview":"max-image-preview:large","max-video-preview":"max-video-preview:-1"},"canonical":"https:\/\/sprf.asso.fr\/sprfwp\/psychanalyse-et-formation\/histoire\/","og_locale":"fr_FR","og_type":"article","og_title":"Histoire de la SPRF, sa cr\u00e9ation en 2005, de son affiliation \u00e0 l'API en 2015.","og_description":"La cr\u00e9ation en 2005 de la SPRF s'inscrit dans la longue histoire de la psychanalyse en France. Troisi\u00e8me soci\u00e9t\u00e9 fran\u00e7aise affili\u00e9e \u00e0 l'Association Psychanalytique Internationale (API), la SPRF est devenue soci\u00e9t\u00e9 composante depuis le Congr\u00e8s de Boston en 2015.","og_url":"https:\/\/sprf.asso.fr\/sprfwp\/psychanalyse-et-formation\/histoire\/","og_site_name":"Soci\u00e9t\u00e9 Psychanalytique de Recherche et de Formation","article_modified_time":"2025-10-15T16:24:15+00:00","twitter_card":"summary_large_image","twitter_misc":{"Dur\u00e9e de lecture estim\u00e9e":"4 minutes"},"schema":{"@context":"https:\/\/schema.org","@graph":[{"@type":"WebPage","@id":"https:\/\/sprf.asso.fr\/sprfwp\/psychanalyse-et-formation\/histoire\/","url":"https:\/\/sprf.asso.fr\/sprfwp\/psychanalyse-et-formation\/histoire\/","name":"Histoire de la SPRF, sa cr\u00e9ation en 2005, de son affiliation \u00e0 l'API en 2015.","isPartOf":{"@id":"https:\/\/sprf.asso.fr\/sprfwp\/#website"},"datePublished":"2017-01-17T17:12:51+00:00","dateModified":"2025-10-15T16:24:15+00:00","description":"La cr\u00e9ation en 2005 de la SPRF s'inscrit dans la longue histoire de la psychanalyse en France. Troisi\u00e8me soci\u00e9t\u00e9 fran\u00e7aise affili\u00e9e \u00e0 l'Association Psychanalytique Internationale (API), la SPRF est devenue soci\u00e9t\u00e9 composante depuis le Congr\u00e8s de Boston en 2015.","breadcrumb":{"@id":"https:\/\/sprf.asso.fr\/sprfwp\/psychanalyse-et-formation\/histoire\/#breadcrumb"},"inLanguage":"fr-FR","potentialAction":[{"@type":"ReadAction","target":["https:\/\/sprf.asso.fr\/sprfwp\/psychanalyse-et-formation\/histoire\/"]}]},{"@type":"BreadcrumbList","@id":"https:\/\/sprf.asso.fr\/sprfwp\/psychanalyse-et-formation\/histoire\/#breadcrumb","itemListElement":[{"@type":"ListItem","position":1,"name":"Accueil","item":"https:\/\/sprf.asso.fr\/sprfwp\/"},{"@type":"ListItem","position":2,"name":"Soci\u00e9t\u00e9 Psychanalytique de Recherche et de Formation","item":"https:\/\/sprf.asso.fr\/sprfwp\/"},{"@type":"ListItem","position":3,"name":"Histoire"}]},{"@type":"WebSite","@id":"https:\/\/sprf.asso.fr\/sprfwp\/#website","url":"https:\/\/sprf.asso.fr\/sprfwp\/","name":"Soci\u00e9t\u00e9 Psychanalytique de Recherche et de Formation","description":"Membre de l&#039;API - Fond\u00e9e en 2005","publisher":{"@id":"https:\/\/sprf.asso.fr\/sprfwp\/#organization"},"potentialAction":[{"@type":"SearchAction","target":{"@type":"EntryPoint","urlTemplate":"https:\/\/sprf.asso.fr\/sprfwp\/?s={search_term_string}"},"query-input":{"@type":"PropertyValueSpecification","valueRequired":true,"valueName":"search_term_string"}}],"inLanguage":"fr-FR"},{"@type":"Organization","@id":"https:\/\/sprf.asso.fr\/sprfwp\/#organization","name":"Soci\u00e9t\u00e9 Psychanalytique de Recherche et de Formation","url":"https:\/\/sprf.asso.fr\/sprfwp\/","logo":{"@type":"ImageObject","inLanguage":"fr-FR","@id":"https:\/\/sprf.asso.fr\/sprfwp\/#\/schema\/logo\/image\/","url":"https:\/\/sprf.asso.fr\/sprfwp\/wp-content\/uploads\/2021\/09\/LogoIndex_K_260_neg-3_shade.png","contentUrl":"https:\/\/sprf.asso.fr\/sprfwp\/wp-content\/uploads\/2021\/09\/LogoIndex_K_260_neg-3_shade.png","width":352,"height":201,"caption":"Soci\u00e9t\u00e9 Psychanalytique de Recherche et de Formation"},"image":{"@id":"https:\/\/sprf.asso.fr\/sprfwp\/#\/schema\/logo\/image\/"}}]}},"_links":{"self":[{"href":"https:\/\/sprf.asso.fr\/sprfwp\/wp-json\/wp\/v2\/pages\/33","targetHints":{"allow":["GET"]}}],"collection":[{"href":"https:\/\/sprf.asso.fr\/sprfwp\/wp-json\/wp\/v2\/pages"}],"about":[{"href":"https:\/\/sprf.asso.fr\/sprfwp\/wp-json\/wp\/v2\/types\/page"}],"author":[{"embeddable":true,"href":"https:\/\/sprf.asso.fr\/sprfwp\/wp-json\/wp\/v2\/users\/1"}],"replies":[{"embeddable":true,"href":"https:\/\/sprf.asso.fr\/sprfwp\/wp-json\/wp\/v2\/comments?post=33"}],"version-history":[{"count":36,"href":"https:\/\/sprf.asso.fr\/sprfwp\/wp-json\/wp\/v2\/pages\/33\/revisions"}],"predecessor-version":[{"id":11223,"href":"https:\/\/sprf.asso.fr\/sprfwp\/wp-json\/wp\/v2\/pages\/33\/revisions\/11223"}],"up":[{"embeddable":true,"href":"https:\/\/sprf.asso.fr\/sprfwp\/wp-json\/wp\/v2\/pages\/6351"}],"wp:attachment":[{"href":"https:\/\/sprf.asso.fr\/sprfwp\/wp-json\/wp\/v2\/media?parent=33"}],"curies":[{"name":"wp","href":"https:\/\/api.w.org\/{rel}","templated":true}]}}