{"version":"1.0","provider_name":"Soci\u00e9t\u00e9 Psychanalytique de Recherche et de Formation","provider_url":"https:\/\/sprf.asso.fr\/sprfwp","title":"Homosexualit\u00e9s, la psychanalyse \u00e0 l\u2019\u00e9preuve - Soci\u00e9t\u00e9 Psychanalytique de Recherche et de Formation","type":"rich","width":600,"height":338,"html":"<blockquote class=\"wp-embedded-content\" data-secret=\"0IWAvVIL2A\"><a href=\"https:\/\/sprf.asso.fr\/sprfwp\/2025\/09\/29\/homosexualites-la-psychanalyse-a-lepreuve\/\">Homosexualit\u00e9s, la psychanalyse \u00e0 l\u2019\u00e9preuve<\/a><\/blockquote><iframe sandbox=\"allow-scripts\" security=\"restricted\" src=\"https:\/\/sprf.asso.fr\/sprfwp\/2025\/09\/29\/homosexualites-la-psychanalyse-a-lepreuve\/embed\/#?secret=0IWAvVIL2A\" width=\"600\" height=\"338\" title=\"\u00ab\u00a0Homosexualit\u00e9s, la psychanalyse \u00e0 l\u2019\u00e9preuve\u00a0\u00bb &#8212; Soci\u00e9t\u00e9 Psychanalytique de Recherche et de Formation\" data-secret=\"0IWAvVIL2A\" frameborder=\"0\" marginwidth=\"0\" marginheight=\"0\" scrolling=\"no\" class=\"wp-embedded-content\"><\/iframe><script>\n\/*! This file is auto-generated *\/\n!function(d,l){\"use strict\";l.querySelector&&d.addEventListener&&\"undefined\"!=typeof URL&&(d.wp=d.wp||{},d.wp.receiveEmbedMessage||(d.wp.receiveEmbedMessage=function(e){var t=e.data;if((t||t.secret||t.message||t.value)&&!\/[^a-zA-Z0-9]\/.test(t.secret)){for(var s,r,n,a=l.querySelectorAll('iframe[data-secret=\"'+t.secret+'\"]'),o=l.querySelectorAll('blockquote[data-secret=\"'+t.secret+'\"]'),c=new RegExp(\"^https?:$\",\"i\"),i=0;i<o.length;i++)o[i].style.display=\"none\";for(i=0;i<a.length;i++)s=a[i],e.source===s.contentWindow&&(s.removeAttribute(\"style\"),\"height\"===t.message?(1e3<(r=parseInt(t.value,10))?r=1e3:~~r<200&&(r=200),s.height=r):\"link\"===t.message&&(r=new URL(s.getAttribute(\"src\")),n=new URL(t.value),c.test(n.protocol))&&n.host===r.host&&l.activeElement===s&&(d.top.location.href=t.value))}},d.addEventListener(\"message\",d.wp.receiveEmbedMessage,!1),l.addEventListener(\"DOMContentLoaded\",function(){for(var e,t,s=l.querySelectorAll(\"iframe.wp-embedded-content\"),r=0;r<s.length;r++)(t=(e=s[r]).getAttribute(\"data-secret\"))||(t=Math.random().toString(36).substring(2,12),e.src+=\"#?secret=\"+t,e.setAttribute(\"data-secret\",t)),e.contentWindow.postMessage({message:\"ready\",secret:t},\"*\")},!1)))}(window,document);\n\/\/# sourceURL=https:\/\/sprf.asso.fr\/sprfwp\/wp-includes\/js\/wp-embed.min.js\n<\/script>\n","thumbnail_url":"https:\/\/sprf.asso.fr\/sprfwp\/wp-content\/uploads\/2025\/09\/SPRF-JS_Homosexualite_2025-1.png","thumbnail_width":739,"thumbnail_height":1250,"description":"Matin\u00e9e-d\u00e9bat autour du livre de Jean Philippe Gu\u00e9guen Samedi 13 d\u00e9cembre 2025 de 9 h00 \u00e0 13 h 00 Mod\u00e9ratrice de la matin\u00e9e : Christine Voyenne Argument L\u2019homosexualit\u00e9 n\u2019est plus un sujet. Il pourrait m\u00eame \u00eatre suspect de l\u2019interroger \u00e0 la fa\u00e7on d\u2019un Ferenczi quand il tentait de comprendre pourquoi l\u2019homosexualit\u00e9 \u00e9tait latente ou manifeste. [&hellip;]"}